{"id":3560,"date":"2020-03-04T08:50:02","date_gmt":"2020-03-04T07:50:02","guid":{"rendered":"https:\/\/www.casadane.it\/parc-des-cinque-terre\/"},"modified":"2020-04-14T22:05:35","modified_gmt":"2020-04-14T20:05:35","slug":"parc-des-cinque-terre","status":"publish","type":"page","link":"https:\/\/www.casadane.it\/fr\/parc-des-cinque-terre\/","title":{"rendered":"Parc des Cinque Terre"},"content":{"rendered":"<p><div class=\"fusion-fullwidth fullwidth-box fusion-builder-row-1 nonhundred-percent-fullwidth non-hundred-percent-height-scrolling fusion-no-small-visibility fusion-no-medium-visibility\"  style='background-color: rgba(255,255,255,0);background-position: left bottom;background-repeat: no-repeat;padding-top:0px;padding-right:0px;padding-bottom:0px;padding-left:0px;margin-bottom: 80px;margin-top: 80px;border-top-width:0px;border-bottom-width:0px;border-color:#eae9e9;border-top-style:solid;border-bottom-style:solid;'><div class=\"fusion-builder-row fusion-row \"><div  class=\"fusion-layout-column fusion_builder_column fusion_builder_column_1_6 fusion-builder-column-1 fusion-one-sixth fusion-column-first 1_6\"  style='margin-top:0px;margin-bottom:0px;width:16.66%;width:calc(16.66% - ( ( 20px + 20px ) * 0.1666 ) );margin-right: 20px;'>\n\t\t\t\t\t<div class=\"fusion-column-wrapper\" style=\"padding: 0px 0px 0px 0px;background-position:right bottom;background-repeat:no-repeat;-webkit-background-size:cover;-moz-background-size:cover;-o-background-size:cover;background-size:cover;\"   data-bg-url=\"\">\n\t\t\t\t\t\t<div class=\"fusion-clearfix\"><\/div>\n\n\t\t\t\t\t<\/div>\n\t\t\t\t<\/div><div  class=\"fusion-layout-column fusion_builder_column fusion_builder_column_2_3 fusion-builder-column-2 fusion-two-third 2_3\"  style='margin-top:0px;margin-bottom:0px;width:66.66%;width:calc(66.66% - ( ( 20px + 20px ) * 0.6666 ) );margin-right: 20px;'>\n\t\t\t\t\t<div class=\"fusion-column-wrapper\" style=\"padding: 0px 0px 0px 0px;background-position:right bottom;background-repeat:no-repeat;-webkit-background-size:cover;-moz-background-size:cover;-o-background-size:cover;background-size:cover;\"   data-bg-url=\"\">\n\t\t\t\t\t\t<div class=\"fusion-text\"><p style=\"letter-spacing: 4px; font-size: 13px; margin-bottom: 0px; text-align: center;\">LES LIEUX DE LA LIGURIE<\/p>\n<h1 style=\"text-align: center;\">Le parc des Cinque Terre<\/h1>\n<\/div><div class=\"fusion-text\"><h3 style=\"text-align: center;\">La faune et la flore m\u00e9diterran\u00e9ennes enferm\u00e9es dans une splendide oasis constituent un patrimoine naturel inestimable et unique au monde.<\/h3>\n<\/div><div class=\"fusion-sep-clear\"><\/div><div class=\"fusion-separator fusion-full-width-sep sep-none\" style=\"margin-left: auto;margin-right: auto;margin-top:30px;\"><\/div><div class=\"fusion-clearfix\"><\/div>\n\n\t\t\t\t\t<\/div>\n\t\t\t\t<\/div><div  class=\"fusion-layout-column fusion_builder_column fusion_builder_column_1_6 fusion-builder-column-3 fusion-one-sixth fusion-column-last 1_6\"  style='margin-top:0px;margin-bottom:0px;width:16.66%;width:calc(16.66% - ( ( 20px + 20px ) * 0.1666 ) );'>\n\t\t\t\t\t<div class=\"fusion-column-wrapper\" style=\"padding: 0px 0px 0px 0px;background-position:right bottom;background-repeat:no-repeat;-webkit-background-size:cover;-moz-background-size:cover;-o-background-size:cover;background-size:cover;\"   data-bg-url=\"\">\n\t\t\t\t\t\t<div class=\"fusion-clearfix\"><\/div>\n\n\t\t\t\t\t<\/div>\n\t\t\t\t<\/div><div  class=\"fusion-layout-column fusion_builder_column fusion_builder_column_1_1 fusion-builder-column-4 fusion-one-full fusion-column-first fusion-column-last 1_1\"  style='margin-top:0px;margin-bottom:0px;'>\n\t\t\t\t\t<div class=\"fusion-column-wrapper\" style=\"padding: 0px 0px 0px 0px;background-position:right bottom;background-repeat:no-repeat;-webkit-background-size:cover;-moz-background-size:cover;-o-background-size:cover;background-size:cover;\"   data-bg-url=\"\">\n\t\t\t\t\t\t<div class=\"fusion-text\"><p style=\"text-align: center;\">Le parc national des Cinque Terre est officiellement n\u00e9 en 1999, deux ans apr\u00e8s avoir \u00e9t\u00e9 class\u00e9 au patrimoine mondial de l&rsquo;UNESCO: en plus de repr\u00e9senter une richesse naturelle de renomm\u00e9e mondiale et importante, il a \u00e9galement la fonction fondamentale de prot\u00e9ger et de restaurer l&rsquo;environnement local et pr\u00e9venir l&rsquo;instabilit\u00e9 hydrog\u00e9ologique.<\/p>\n<p style=\"text-align: center;\">Le parc national des Cinque Terre s&rsquo;\u00e9tend sur 4 300 hectares de terres couvertes de broussailles m\u00e9diterran\u00e9ennes, o\u00f9 l&rsquo;homme au fil des mill\u00e9naires a sculpt\u00e9 les collines pour cr\u00e9er 7 000 km de terrasses (\u00e0 peu pr\u00e8s la longueur de la Grande Muraille de Chine) afin d&rsquo;obtenir des terres arables et de faire de la place pour les vignobles et les oliviers qui sont toujours la principale source des d\u00e9lices que les Cinque Terre ont \u00e0 offrir.<\/p>\n<\/div><div class=\"fusion-clearfix\"><\/div>\n\n\t\t\t\t\t<\/div>\n\t\t\t\t<\/div><\/div><\/div><div class=\"fusion-fullwidth fullwidth-box fusion-builder-row-2 nonhundred-percent-fullwidth non-hundred-percent-height-scrolling fusion-no-large-visibility\"  style='background-color: rgba(255,255,255,0);background-position: left bottom;background-repeat: no-repeat;padding-top:0px;padding-right:0px;padding-bottom:0px;padding-left:0px;margin-bottom: 40px;margin-top: 40px;border-top-width:0px;border-bottom-width:0px;border-color:#eae9e9;border-top-style:solid;border-bottom-style:solid;'><div class=\"fusion-builder-row fusion-row \"><div  class=\"fusion-layout-column fusion_builder_column fusion_builder_column_1_1 fusion-builder-column-5 fusion-one-full fusion-column-first fusion-column-last 1_1\"  style='margin-top:0px;margin-bottom:0px;'>\n\t\t\t\t\t<div class=\"fusion-column-wrapper\" style=\"padding: 0px 10% 0px 10%;background-position:right bottom;background-repeat:no-repeat;-webkit-background-size:cover;-moz-background-size:cover;-o-background-size:cover;background-size:cover;\"   data-bg-url=\"\">\n\t\t\t\t\t\t<div class=\"fusion-text\"><p style=\"letter-spacing: 4px; font-size: 13px; margin-bottom: 0px; text-align: center;\">LES LIEUX DE LA LIGURIE<\/p>\n<h1 style=\"text-align: center;\">Le parc des Cinque Terre<\/h1>\n<\/div><div class=\"fusion-text\"><h3 style=\"text-align: center;\">La faune et la flore m\u00e9diterran\u00e9ennes enferm\u00e9es dans une splendide oasis constituent un patrimoine naturel inestimable et unique au monde.<\/h3>\n<\/div><div class=\"fusion-sep-clear\"><\/div><div class=\"fusion-separator fusion-full-width-sep sep-none\" style=\"margin-left: auto;margin-right: auto;margin-top:30px;\"><\/div><div class=\"fusion-clearfix\"><\/div>\n\n\t\t\t\t\t<\/div>\n\t\t\t\t<\/div><div  class=\"fusion-layout-column fusion_builder_column fusion_builder_column_1_1 fusion-builder-column-6 fusion-one-full fusion-column-first fusion-column-last 1_1\"  style='margin-top:0px;margin-bottom:40px;'>\n\t\t\t\t\t<div class=\"fusion-column-wrapper\" style=\"padding: 0px 0px 0px 0px;background-position:right bottom;background-repeat:no-repeat;-webkit-background-size:cover;-moz-background-size:cover;-o-background-size:cover;background-size:cover;\"   data-bg-url=\"\">\n\t\t\t\t\t\t<div class=\"imageframe-liftup\"><span class=\"fusion-imageframe imageframe-none imageframe-1\"><a href=\"https:\/\/www.casadane.it\/wp-content\/uploads\/2020\/01\/parco-2.jpg\" class=\"fusion-lightbox\" data-rel=\"iLightbox[deluxe]\" data-title=\"parco-2\" title=\"parco-2\"><img loading=\"lazy\" decoding=\"async\" src=\"https:\/\/www.casadane.it\/wp-content\/uploads\/2020\/01\/parco-2.jpg\" width=\"718\" height=\"479\" alt=\"Parco Nazionale delle Cinque Terre\" class=\"img-responsive wp-image-4453\" srcset=\"https:\/\/www.casadane.it\/wp-content\/uploads\/2020\/01\/parco-2-200x133.jpg 200w, https:\/\/www.casadane.it\/wp-content\/uploads\/2020\/01\/parco-2-400x267.jpg 400w, https:\/\/www.casadane.it\/wp-content\/uploads\/2020\/01\/parco-2-600x400.jpg 600w, https:\/\/www.casadane.it\/wp-content\/uploads\/2020\/01\/parco-2.jpg 718w\" sizes=\"auto, (max-width: 800px) 100vw, 718px\" \/><\/a><\/span><\/div><div class=\"fusion-clearfix\"><\/div>\n\n\t\t\t\t\t<\/div>\n\t\t\t\t<\/div><div  class=\"fusion-layout-column fusion_builder_column fusion_builder_column_1_1 fusion-builder-column-7 fusion-one-full fusion-column-first fusion-column-last 1_1\"  style='margin-top:0px;margin-bottom:0px;'>\n\t\t\t\t\t<div class=\"fusion-column-wrapper\" style=\"padding: 0px 10% 0px 10%;background-position:right bottom;background-repeat:no-repeat;-webkit-background-size:cover;-moz-background-size:cover;-o-background-size:cover;background-size:cover;\"   data-bg-url=\"\">\n\t\t\t\t\t\t<div class=\"fusion-text\"><p style=\"text-align: center;\">Le parc national des Cinque Terre est officiellement n\u00e9 en 1999, deux ans apr\u00e8s avoir \u00e9t\u00e9 class\u00e9 au patrimoine mondial de l&rsquo;UNESCO: en plus de repr\u00e9senter une richesse naturelle de renomm\u00e9e mondiale et importante, il a \u00e9galement la fonction fondamentale de prot\u00e9ger et de restaurer l&rsquo;environnement local et pr\u00e9venir l&rsquo;instabilit\u00e9 hydrog\u00e9ologique.<\/p>\n<p style=\"text-align: center;\">Le parc national des Cinque Terre s&rsquo;\u00e9tend sur 4 300 hectares de terres couvertes de broussailles m\u00e9diterran\u00e9ennes, o\u00f9 l&rsquo;homme au fil des mill\u00e9naires a sculpt\u00e9 les collines pour cr\u00e9er 7 000 km de terrasses (\u00e0 peu pr\u00e8s la longueur de la Grande Muraille de Chine) afin d&rsquo;obtenir des terres arables et de faire de la place pour les vignobles et les oliviers qui sont toujours la principale source des d\u00e9lices que les Cinque Terre ont \u00e0 offrir.<\/p>\n<\/div><div class=\"fusion-clearfix\"><\/div>\n\n\t\t\t\t\t<\/div>\n\t\t\t\t<\/div><div  class=\"fusion-layout-column fusion_builder_column fusion_builder_column_1_1 fusion-builder-column-8 fusion-one-full fusion-column-first fusion-column-last 1_1\"  style='margin-top:20px;margin-bottom:0px;'>\n\t\t\t\t\t<div class=\"fusion-column-wrapper\" style=\"padding: 0px 0px 0px 0px;background-position:right bottom;background-repeat:no-repeat;-webkit-background-size:cover;-moz-background-size:cover;-o-background-size:cover;background-size:cover;\"   data-bg-url=\"\">\n\t\t\t\t\t\t<div class=\"imageframe-liftup\"><span class=\"fusion-imageframe imageframe-none imageframe-2\"><a href=\"https:\/\/www.casadane.it\/wp-content\/uploads\/2020\/01\/parco-4.jpg\" class=\"fusion-lightbox\" data-rel=\"iLightbox[deluxe]\" data-title=\"parco-4\" title=\"parco-4\"><img loading=\"lazy\" decoding=\"async\" src=\"https:\/\/www.casadane.it\/wp-content\/uploads\/2020\/01\/parco-4.jpg\" width=\"718\" height=\"479\" alt=\"Parco delle cinque terre view\" class=\"img-responsive wp-image-4459\" srcset=\"https:\/\/www.casadane.it\/wp-content\/uploads\/2020\/01\/parco-4-200x133.jpg 200w, https:\/\/www.casadane.it\/wp-content\/uploads\/2020\/01\/parco-4-400x267.jpg 400w, https:\/\/www.casadane.it\/wp-content\/uploads\/2020\/01\/parco-4-600x400.jpg 600w, https:\/\/www.casadane.it\/wp-content\/uploads\/2020\/01\/parco-4.jpg 718w\" sizes=\"auto, (max-width: 800px) 100vw, 718px\" \/><\/a><\/span><\/div><div class=\"fusion-clearfix\"><\/div>\n\n\t\t\t\t\t<\/div>\n\t\t\t\t<\/div><\/div><\/div><div class=\"fusion-fullwidth fullwidth-box fusion-builder-row-3 hundred-percent-fullwidth non-hundred-percent-height-scrolling fusion-no-small-visibility fusion-no-medium-visibility\"  style='background-color: rgba(255,255,255,0);background-position: left top;background-repeat: no-repeat;padding-top:0px;padding-right:0px;padding-bottom:0px;padding-left:0px;margin-bottom: 15px;margin-top: 30px;border-top-width:0px;border-bottom-width:0px;border-color:#eae9e9;border-top-style:solid;border-bottom-style:solid;'><div class=\"fusion-builder-row fusion-row \"><div  class=\"fusion-layout-column fusion_builder_column fusion_builder_column_1_3 fusion-builder-column-9 fusion-one-third fusion-column-first 1_3\"  style='margin-top:0px;margin-bottom:20px;width:33.33%;width:calc(33.33% - ( ( 25px + 25px ) * 0.3333 ) );margin-right: 25px;'>\n\t\t\t\t\t<div class=\"fusion-column-wrapper\" style=\"padding: 0px 0px 0px 0px;background-position:left top;background-repeat:no-repeat;-webkit-background-size:cover;-moz-background-size:cover;-o-background-size:cover;background-size:cover;\"   data-bg-url=\"\">\n\t\t\t\t\t\t<div class=\"imageframe-liftup\"><span class=\"fusion-imageframe imageframe-none imageframe-3\"><a href=\"https:\/\/www.casadane.it\/wp-content\/uploads\/2020\/01\/parco-2.jpg\" class=\"fusion-lightbox\" data-rel=\"iLightbox[deluxe]\" data-title=\"parco-2\" title=\"parco-2\"><img loading=\"lazy\" decoding=\"async\" src=\"https:\/\/www.casadane.it\/wp-content\/uploads\/2020\/01\/parco-2.jpg\" width=\"718\" height=\"479\" alt=\"Parco Nazionale delle Cinque Terre\" class=\"img-responsive wp-image-4453\" srcset=\"https:\/\/www.casadane.it\/wp-content\/uploads\/2020\/01\/parco-2-200x133.jpg 200w, https:\/\/www.casadane.it\/wp-content\/uploads\/2020\/01\/parco-2-400x267.jpg 400w, https:\/\/www.casadane.it\/wp-content\/uploads\/2020\/01\/parco-2-600x400.jpg 600w, https:\/\/www.casadane.it\/wp-content\/uploads\/2020\/01\/parco-2.jpg 718w\" sizes=\"auto, (max-width: 800px) 100vw, 400px\" \/><\/a><\/span><\/div><div class=\"fusion-clearfix\"><\/div>\n\n\t\t\t\t\t<\/div>\n\t\t\t\t<\/div><div  class=\"fusion-layout-column fusion_builder_column fusion_builder_column_1_3 fusion-builder-column-10 fusion-one-third 1_3\"  style='margin-top:0px;margin-bottom:20px;width:33.33%;width:calc(33.33% - ( ( 25px + 25px ) * 0.3333 ) );margin-right: 25px;'>\n\t\t\t\t\t<div class=\"fusion-column-wrapper\" style=\"padding: 0px 0px 0px 0px;background-position:left top;background-repeat:no-repeat;-webkit-background-size:cover;-moz-background-size:cover;-o-background-size:cover;background-size:cover;\"   data-bg-url=\"\">\n\t\t\t\t\t\t<div class=\"imageframe-liftup\"><span class=\"fusion-imageframe imageframe-none imageframe-4\"><a href=\"https:\/\/www.casadane.it\/wp-content\/uploads\/2020\/01\/parco-4.jpg\" class=\"fusion-lightbox\" data-rel=\"iLightbox[deluxe]\" data-title=\"parco-4\" title=\"parco-4\"><img loading=\"lazy\" decoding=\"async\" src=\"https:\/\/www.casadane.it\/wp-content\/uploads\/2020\/01\/parco-4.jpg\" width=\"718\" height=\"479\" alt=\"Parco delle cinque terre view\" class=\"img-responsive wp-image-4459\" srcset=\"https:\/\/www.casadane.it\/wp-content\/uploads\/2020\/01\/parco-4-200x133.jpg 200w, https:\/\/www.casadane.it\/wp-content\/uploads\/2020\/01\/parco-4-400x267.jpg 400w, https:\/\/www.casadane.it\/wp-content\/uploads\/2020\/01\/parco-4-600x400.jpg 600w, https:\/\/www.casadane.it\/wp-content\/uploads\/2020\/01\/parco-4.jpg 718w\" sizes=\"auto, (max-width: 800px) 100vw, 400px\" \/><\/a><\/span><\/div><div class=\"fusion-clearfix\"><\/div>\n\n\t\t\t\t\t<\/div>\n\t\t\t\t<\/div><div  class=\"fusion-layout-column fusion_builder_column fusion_builder_column_1_3 fusion-builder-column-11 fusion-one-third fusion-column-last 1_3\"  style='margin-top:0px;margin-bottom:20px;width:33.33%;width:calc(33.33% - ( ( 25px + 25px ) * 0.3333 ) );'>\n\t\t\t\t\t<div class=\"fusion-column-wrapper\" style=\"padding: 0px 0px 0px 0px;background-position:left top;background-repeat:no-repeat;-webkit-background-size:cover;-moz-background-size:cover;-o-background-size:cover;background-size:cover;\"   data-bg-url=\"\">\n\t\t\t\t\t\t<div class=\"imageframe-liftup\"><span class=\"fusion-imageframe imageframe-none imageframe-5\"><a href=\"https:\/\/www.casadane.it\/wp-content\/uploads\/2020\/01\/parco-1.jpg\" class=\"fusion-lightbox\" data-rel=\"iLightbox[deluxe]\" data-title=\"parco-1\" title=\"parco-1\"><img loading=\"lazy\" decoding=\"async\" src=\"https:\/\/www.casadane.it\/wp-content\/uploads\/2020\/01\/parco-1.jpg\" width=\"718\" height=\"479\" alt=\"Tramonto nelle Cinque Terre\" class=\"img-responsive wp-image-4465\" srcset=\"https:\/\/www.casadane.it\/wp-content\/uploads\/2020\/01\/parco-1-200x133.jpg 200w, https:\/\/www.casadane.it\/wp-content\/uploads\/2020\/01\/parco-1-400x267.jpg 400w, https:\/\/www.casadane.it\/wp-content\/uploads\/2020\/01\/parco-1-600x400.jpg 600w, https:\/\/www.casadane.it\/wp-content\/uploads\/2020\/01\/parco-1.jpg 718w\" sizes=\"auto, (max-width: 800px) 100vw, 400px\" \/><\/a><\/span><\/div><div class=\"fusion-clearfix\"><\/div>\n\n\t\t\t\t\t<\/div>\n\t\t\t\t<\/div><\/div><\/div><div class=\"fusion-fullwidth fullwidth-box fusion-builder-row-4 fusion-parallax-none hundred-percent-fullwidth non-hundred-percent-height-scrolling fusion-equal-height-columns fusion-no-small-visibility fusion-no-medium-visibility\"  style='background-color: rgba(255,255,255,0);background-image: url(\"https:\/\/www.casadane.it\/wp-content\/uploads\/2020\/01\/parco-sfondo.jpg\");background-position: center bottom;background-repeat: no-repeat;padding-top:0px;padding-right:0px;padding-bottom:0px;padding-left:0px;margin-top: 80px;border-top-width:0px;border-bottom-width:0px;border-color:#eae9e9;border-top-style:solid;border-bottom-style:solid;-webkit-background-size:cover;-moz-background-size:cover;-o-background-size:cover;background-size:cover;'><div class=\"fusion-builder-row fusion-row \"><div  class=\"fusion-layout-column fusion_builder_column fusion_builder_column_1_6 fusion-builder-column-12 fusion-one-sixth fusion-column-first 1_6\"  style='margin-top:0px;margin-bottom:0px;width:16.66%;width:calc(16.66% - ( ( 20px + 4% ) * 0.1666 ) );margin-right: 20px;'>\n\t\t\t\t\t<div class=\"fusion-column-wrapper\" style=\"padding: 0px 0px 0px 0px;background-position:right bottom;background-repeat:no-repeat;-webkit-background-size:cover;-moz-background-size:cover;-o-background-size:cover;background-size:cover;\"   data-bg-url=\"\">\n\t\t\t\t\t\t<div class=\"fusion-clearfix\"><\/div>\n\n\t\t\t\t\t<\/div>\n\t\t\t\t<\/div><div  class=\"fusion-layout-column fusion_builder_column fusion_builder_column_2_3 fusion-builder-column-13 fusion-two-third 2_3\"  style='margin-top:0px;margin-bottom:0px;width:66.66%;width:calc(66.66% - ( ( 20px + 4% ) * 0.6666 ) );margin-right: 4%;'>\n\t\t\t\t\t<div class=\"fusion-column-wrapper\" style=\"padding: 0px 0px 0px 0px;background-position:right bottom;background-repeat:no-repeat;-webkit-background-size:cover;-moz-background-size:cover;-o-background-size:cover;background-size:cover;\"   data-bg-url=\"\">\n\t\t\t\t\t\t<div class=\"fusion-text fusion-text-split-columns fusion-text-columns-2\" style=\" -webkit-column-count:2; -webkit-column-gap:60px; -webkit-column-width:100px; -moz-column-count:2; -moz-column-gap:60px; -moz-column-width:100px; column-count:2; column-gap:60px; column-width:100px;\"><p>Les c\u00f4tes des Cinque Terre, ainsi que de v\u00e9ritables monuments de l&rsquo;adaptation humaine \u00e0 l&rsquo;environnement et un tr\u00e9sor naturel et paysager in\u00e9gal\u00e9, contiennent ainsi \u00e9galement la plus forte densit\u00e9 d&rsquo;aires prot\u00e9g\u00e9es et de parcs naturels d&rsquo;Italie: il ce sont en fait trois parcs d\u00e9di\u00e9s \u00e0 la pr\u00e9servation et \u00e0 la protection de l&rsquo;oasis naturelle des Cinque Terre.<\/p>\n<p>La zone du parc comprend \u00e9galement la zone de protection marine des Cinque Terre: o\u00f9 sur la terre domine la flore du maquis m\u00e9diterran\u00e9en, les collines sculpt\u00e9es par les terrasses et les falaises abruptes surplombant la mer, dans ce dernier il est possible trouver une immense vari\u00e9t\u00e9 d&rsquo;animaux et de plantes: les rochers et les fonds regorgent en effet d&rsquo;une \u00e9norme vari\u00e9t\u00e9 de poissons et de mollusques, ainsi que de v\u00e9ritables \u00e9tendues de posidonies oc\u00e9aniques.<\/p>\n<p>En outre, la mer des Cinque Terre a \u00e9t\u00e9 incluse dans le sanctuaire international des c\u00e9tac\u00e9s et environ 2000 rorquals communs ont \u00e9t\u00e9 enregistr\u00e9s dans ses eaux: cela prouve encore la pr\u00e9sence d&rsquo;un \u00e9cosyst\u00e8me de faune marine extr\u00eamement libre et vari\u00e9, dans lequel il est \u00e9galement possible de trouver des dauphins et les cachalots.<\/p>\n<\/div><div class=\"fusion-sep-clear\"><\/div><div class=\"fusion-separator fusion-full-width-sep sep-none\" style=\"margin-left: auto;margin-right: auto;margin-top:550px;\"><\/div><div class=\"fusion-clearfix\"><\/div>\n\n\t\t\t\t\t<\/div>\n\t\t\t\t<\/div><div  class=\"fusion-layout-column fusion_builder_column fusion_builder_column_1_6 fusion-builder-column-14 fusion-one-sixth fusion-column-last 1_6\"  style='margin-top:0px;margin-bottom:0px;width:16.66%;width:calc(16.66% - ( ( 20px + 4% ) * 0.1666 ) );'>\n\t\t\t\t\t<div class=\"fusion-column-wrapper\" style=\"padding: 0px 0px 0px 0px;background-position:right bottom;background-repeat:no-repeat;-webkit-background-size:cover;-moz-background-size:cover;-o-background-size:cover;background-size:cover;\"   data-bg-url=\"\">\n\t\t\t\t\t\t<div class=\"fusion-clearfix\"><\/div>\n\n\t\t\t\t\t<\/div>\n\t\t\t\t<\/div><\/div><\/div><div class=\"fusion-fullwidth fullwidth-box fusion-builder-row-5 hundred-percent-fullwidth non-hundred-percent-height-scrolling fusion-equal-height-columns fusion-no-large-visibility\"  style='background-color: rgba(255,255,255,0);background-position: center bottom;background-repeat: no-repeat;padding-top:0px;padding-right:0px;padding-bottom:0px;padding-left:0px;margin-bottom: 30px;margin-top: 80px;border-top-width:0px;border-bottom-width:0px;border-color:#eae9e9;border-top-style:solid;border-bottom-style:solid;'><div class=\"fusion-builder-row fusion-row \"><div  class=\"fusion-layout-column fusion_builder_column fusion_builder_column_1_1 fusion-builder-column-15 fusion-one-full fusion-column-first fusion-column-last 1_1\"  style='margin-top:0px;margin-bottom:0px;'>\n\t\t\t\t\t<div class=\"fusion-column-wrapper\" style=\"padding: 0px 10% 0px 10%;background-position:right bottom;background-repeat:no-repeat;-webkit-background-size:cover;-moz-background-size:cover;-o-background-size:cover;background-size:cover;\"   data-bg-url=\"\">\n\t\t\t\t\t\t<div class=\"fusion-text\"><p style=\"text-align: center;\">Les c\u00f4tes des Cinque Terre, ainsi que de v\u00e9ritables monuments \u00e0 l&rsquo;activit\u00e9 de l&rsquo;adaptation de l&rsquo;homme \u00e0 l&rsquo;environnement et un tr\u00e9sor naturel et paysager in\u00e9gal\u00e9, contiennent ainsi \u00e9galement la plus forte densit\u00e9 d&rsquo;aires prot\u00e9g\u00e9es et de parcs naturels en Italie: il ce sont en fait trois parcs d\u00e9di\u00e9s \u00e0 la pr\u00e9servation et \u00e0 la protection de l&rsquo;oasis naturelle des Cinque Terre.<\/p>\n<\/div><div class=\"fusion-clearfix\"><\/div>\n\n\t\t\t\t\t<\/div>\n\t\t\t\t<\/div><div  class=\"fusion-layout-column fusion_builder_column fusion_builder_column_1_1 fusion-builder-column-16 fusion-one-full fusion-column-first fusion-column-last 1_1\"  style='margin-top:20px;margin-bottom:40px;'>\n\t\t\t\t\t<div class=\"fusion-column-wrapper\" style=\"padding: 0px 0px 0px 0px;background-position:right bottom;background-repeat:no-repeat;-webkit-background-size:cover;-moz-background-size:cover;-o-background-size:cover;background-size:cover;\"   data-bg-url=\"\">\n\t\t\t\t\t\t<div class=\"imageframe-liftup\"><span class=\"fusion-imageframe imageframe-none imageframe-6\"><a href=\"https:\/\/www.casadane.it\/wp-content\/uploads\/2020\/01\/parco-1.jpg\" class=\"fusion-lightbox\" data-rel=\"iLightbox[deluxe]\" data-title=\"parco-1\" title=\"parco-1\"><img loading=\"lazy\" decoding=\"async\" src=\"https:\/\/www.casadane.it\/wp-content\/uploads\/2020\/01\/parco-1.jpg\" width=\"718\" height=\"479\" alt=\"Tramonto nelle Cinque Terre\" class=\"img-responsive wp-image-4465\" srcset=\"https:\/\/www.casadane.it\/wp-content\/uploads\/2020\/01\/parco-1-200x133.jpg 200w, https:\/\/www.casadane.it\/wp-content\/uploads\/2020\/01\/parco-1-400x267.jpg 400w, https:\/\/www.casadane.it\/wp-content\/uploads\/2020\/01\/parco-1-600x400.jpg 600w, https:\/\/www.casadane.it\/wp-content\/uploads\/2020\/01\/parco-1.jpg 718w\" sizes=\"auto, (max-width: 800px) 100vw, 718px\" \/><\/a><\/span><\/div><div class=\"fusion-clearfix\"><\/div>\n\n\t\t\t\t\t<\/div>\n\t\t\t\t<\/div><div  class=\"fusion-layout-column fusion_builder_column fusion_builder_column_1_1 fusion-builder-column-17 fusion-one-full fusion-column-first fusion-column-last 1_1\"  style='margin-top:0px;margin-bottom:0px;'>\n\t\t\t\t\t<div class=\"fusion-column-wrapper\" style=\"padding: 0px 10% 0px 10%;background-position:right bottom;background-repeat:no-repeat;-webkit-background-size:cover;-moz-background-size:cover;-o-background-size:cover;background-size:cover;\"   data-bg-url=\"\">\n\t\t\t\t\t\t<div class=\"fusion-text\"><p style=\"text-align: center;\">La zone du parc comprend \u00e9galement la zone de protection marine des Cinque Terre: o\u00f9 sur la terre domine la flore du maquis m\u00e9diterran\u00e9en, les collines sculpt\u00e9es par les terrasses et les falaises abruptes surplombant la mer, dans ce dernier il est possible trouver une immense vari\u00e9t\u00e9 d&rsquo;animaux et de plantes: les rochers et les fonds regorgent en effet d&rsquo;une \u00e9norme vari\u00e9t\u00e9 de poissons et de mollusques, ainsi que de v\u00e9ritables \u00e9tendues de posidonies oc\u00e9aniques.<\/p>\n<p style=\"text-align: center;\">En outre, la mer des Cinque Terre a \u00e9t\u00e9 incluse dans le sanctuaire international des c\u00e9tac\u00e9s et environ 2000 rorquals communs ont \u00e9t\u00e9 enregistr\u00e9s dans ses eaux: cela prouve encore la pr\u00e9sence d&rsquo;un \u00e9cosyst\u00e8me de faune marine extr\u00eamement libre et vari\u00e9, dans lequel il est \u00e9galement possible de trouver des dauphins et les cachalots.<\/p>\n<\/div><div class=\"fusion-clearfix\"><\/div>\n\n\t\t\t\t\t<\/div>\n\t\t\t\t<\/div><\/div><\/div><\/p>\n","protected":false},"excerpt":{"rendered":"","protected":false},"author":1,"featured_media":0,"parent":0,"menu_order":0,"comment_status":"open","ping_status":"open","template":"100-width.php","meta":{"_joinchat":[],"footnotes":""},"class_list":["post-3560","page","type-page","status-publish","hentry"],"yoast_head":"<!-- This site is optimized with the Yoast SEO plugin v27.4 - https:\/\/yoast.com\/product\/yoast-seo-wordpress\/ -->\n<title>Visitez le parc naturel des Cinque Terre | Casa Dan\u00e8<\/title>\n<meta name=\"description\" content=\"Cr\u00e9\u00e9 officiellement en 1999, le Parc Naturel des Cinque Terre repr\u00e9sente un patrimoine naturel inestimable. Cliquez pour en savoir plus!\" \/>\n<meta name=\"robots\" content=\"index, follow, max-snippet:-1, max-image-preview:large, max-video-preview:-1\" \/>\n<link rel=\"canonical\" href=\"https:\/\/www.casadane.it\/fr\/parc-des-cinque-terre\/\" \/>\n<meta property=\"og:locale\" content=\"fr_FR\" \/>\n<meta property=\"og:type\" content=\"article\" \/>\n<meta property=\"og:title\" content=\"Visitez le parc naturel des Cinque Terre | Casa Dan\u00e8\" \/>\n<meta property=\"og:description\" content=\"Cr\u00e9\u00e9 officiellement en 1999, le Parc Naturel des Cinque Terre repr\u00e9sente un patrimoine naturel inestimable. Cliquez pour en savoir plus!\" \/>\n<meta property=\"og:url\" content=\"https:\/\/www.casadane.it\/fr\/parc-des-cinque-terre\/\" \/>\n<meta property=\"og:site_name\" content=\"Affittacamere Casa Dan\u00e8\" \/>\n<meta property=\"article:modified_time\" content=\"2020-04-14T20:05:35+00:00\" \/>\n<meta name=\"twitter:card\" content=\"summary_large_image\" \/>\n<meta name=\"twitter:label1\" content=\"Dur\u00e9e de lecture estim\u00e9e\" \/>\n\t<meta name=\"twitter:data1\" content=\"28 minutes\" \/>\n<script type=\"application\/ld+json\" class=\"yoast-schema-graph\">{\"@context\":\"https:\\\/\\\/schema.org\",\"@graph\":[{\"@type\":\"WebPage\",\"@id\":\"https:\\\/\\\/www.casadane.it\\\/fr\\\/parc-des-cinque-terre\\\/\",\"url\":\"https:\\\/\\\/www.casadane.it\\\/fr\\\/parc-des-cinque-terre\\\/\",\"name\":\"Visitez le parc naturel des Cinque Terre | Casa Dan\u00e8\",\"isPartOf\":{\"@id\":\"https:\\\/\\\/www.casadane.it\\\/fr\\\/#website\"},\"datePublished\":\"2020-03-04T07:50:02+00:00\",\"dateModified\":\"2020-04-14T20:05:35+00:00\",\"description\":\"Cr\u00e9\u00e9 officiellement en 1999, le Parc Naturel des Cinque Terre repr\u00e9sente un patrimoine naturel inestimable. Cliquez pour en savoir plus!\",\"breadcrumb\":{\"@id\":\"https:\\\/\\\/www.casadane.it\\\/fr\\\/parc-des-cinque-terre\\\/#breadcrumb\"},\"inLanguage\":\"fr-FR\",\"potentialAction\":[{\"@type\":\"ReadAction\",\"target\":[\"https:\\\/\\\/www.casadane.it\\\/fr\\\/parc-des-cinque-terre\\\/\"]}]},{\"@type\":\"BreadcrumbList\",\"@id\":\"https:\\\/\\\/www.casadane.it\\\/fr\\\/parc-des-cinque-terre\\\/#breadcrumb\",\"itemListElement\":[{\"@type\":\"ListItem\",\"position\":1,\"name\":\"Home\",\"item\":\"https:\\\/\\\/www.casadane.it\\\/fr\\\/\"},{\"@type\":\"ListItem\",\"position\":2,\"name\":\"Parc des Cinque Terre\"}]},{\"@type\":\"WebSite\",\"@id\":\"https:\\\/\\\/www.casadane.it\\\/fr\\\/#website\",\"url\":\"https:\\\/\\\/www.casadane.it\\\/fr\\\/\",\"name\":\"Casa Dan\u00e8\",\"description\":\"Affittacamere a La Spezia\",\"potentialAction\":[{\"@type\":\"SearchAction\",\"target\":{\"@type\":\"EntryPoint\",\"urlTemplate\":\"https:\\\/\\\/www.casadane.it\\\/fr\\\/?s={search_term_string}\"},\"query-input\":{\"@type\":\"PropertyValueSpecification\",\"valueRequired\":true,\"valueName\":\"search_term_string\"}}],\"inLanguage\":\"fr-FR\"}]}<\/script>\n<!-- \/ Yoast SEO plugin. -->","yoast_head_json":{"title":"Visitez le parc naturel des Cinque Terre | Casa Dan\u00e8","description":"Cr\u00e9\u00e9 officiellement en 1999, le Parc Naturel des Cinque Terre repr\u00e9sente un patrimoine naturel inestimable. Cliquez pour en savoir plus!","robots":{"index":"index","follow":"follow","max-snippet":"max-snippet:-1","max-image-preview":"max-image-preview:large","max-video-preview":"max-video-preview:-1"},"canonical":"https:\/\/www.casadane.it\/fr\/parc-des-cinque-terre\/","og_locale":"fr_FR","og_type":"article","og_title":"Visitez le parc naturel des Cinque Terre | Casa Dan\u00e8","og_description":"Cr\u00e9\u00e9 officiellement en 1999, le Parc Naturel des Cinque Terre repr\u00e9sente un patrimoine naturel inestimable. Cliquez pour en savoir plus!","og_url":"https:\/\/www.casadane.it\/fr\/parc-des-cinque-terre\/","og_site_name":"Affittacamere Casa Dan\u00e8","article_modified_time":"2020-04-14T20:05:35+00:00","twitter_card":"summary_large_image","twitter_misc":{"Dur\u00e9e de lecture estim\u00e9e":"28 minutes"},"schema":{"@context":"https:\/\/schema.org","@graph":[{"@type":"WebPage","@id":"https:\/\/www.casadane.it\/fr\/parc-des-cinque-terre\/","url":"https:\/\/www.casadane.it\/fr\/parc-des-cinque-terre\/","name":"Visitez le parc naturel des Cinque Terre | Casa Dan\u00e8","isPartOf":{"@id":"https:\/\/www.casadane.it\/fr\/#website"},"datePublished":"2020-03-04T07:50:02+00:00","dateModified":"2020-04-14T20:05:35+00:00","description":"Cr\u00e9\u00e9 officiellement en 1999, le Parc Naturel des Cinque Terre repr\u00e9sente un patrimoine naturel inestimable. Cliquez pour en savoir plus!","breadcrumb":{"@id":"https:\/\/www.casadane.it\/fr\/parc-des-cinque-terre\/#breadcrumb"},"inLanguage":"fr-FR","potentialAction":[{"@type":"ReadAction","target":["https:\/\/www.casadane.it\/fr\/parc-des-cinque-terre\/"]}]},{"@type":"BreadcrumbList","@id":"https:\/\/www.casadane.it\/fr\/parc-des-cinque-terre\/#breadcrumb","itemListElement":[{"@type":"ListItem","position":1,"name":"Home","item":"https:\/\/www.casadane.it\/fr\/"},{"@type":"ListItem","position":2,"name":"Parc des Cinque Terre"}]},{"@type":"WebSite","@id":"https:\/\/www.casadane.it\/fr\/#website","url":"https:\/\/www.casadane.it\/fr\/","name":"Casa Dan\u00e8","description":"Affittacamere a La Spezia","potentialAction":[{"@type":"SearchAction","target":{"@type":"EntryPoint","urlTemplate":"https:\/\/www.casadane.it\/fr\/?s={search_term_string}"},"query-input":{"@type":"PropertyValueSpecification","valueRequired":true,"valueName":"search_term_string"}}],"inLanguage":"fr-FR"}]}},"_links":{"self":[{"href":"https:\/\/www.casadane.it\/fr\/wp-json\/wp\/v2\/pages\/3560","targetHints":{"allow":["GET"]}}],"collection":[{"href":"https:\/\/www.casadane.it\/fr\/wp-json\/wp\/v2\/pages"}],"about":[{"href":"https:\/\/www.casadane.it\/fr\/wp-json\/wp\/v2\/types\/page"}],"author":[{"embeddable":true,"href":"https:\/\/www.casadane.it\/fr\/wp-json\/wp\/v2\/users\/1"}],"replies":[{"embeddable":true,"href":"https:\/\/www.casadane.it\/fr\/wp-json\/wp\/v2\/comments?post=3560"}],"version-history":[{"count":3,"href":"https:\/\/www.casadane.it\/fr\/wp-json\/wp\/v2\/pages\/3560\/revisions"}],"predecessor-version":[{"id":6942,"href":"https:\/\/www.casadane.it\/fr\/wp-json\/wp\/v2\/pages\/3560\/revisions\/6942"}],"wp:attachment":[{"href":"https:\/\/www.casadane.it\/fr\/wp-json\/wp\/v2\/media?parent=3560"}],"curies":[{"name":"wp","href":"https:\/\/api.w.org\/{rel}","templated":true}]}}