{"id":4637,"date":"2020-03-07T01:08:00","date_gmt":"2020-03-07T00:08:00","guid":{"rendered":"https:\/\/www.casadane.it\/parque-cinque-terre\/"},"modified":"2020-04-14T22:09:26","modified_gmt":"2020-04-14T20:09:26","slug":"parque-cinque-terre","status":"publish","type":"page","link":"https:\/\/www.casadane.it\/pt-br\/parque-cinque-terre\/","title":{"rendered":"Parque Cinque Terre"},"content":{"rendered":"<p><div class=\"fusion-fullwidth fullwidth-box fusion-builder-row-1 nonhundred-percent-fullwidth non-hundred-percent-height-scrolling fusion-no-small-visibility fusion-no-medium-visibility\"  style='background-color: rgba(255,255,255,0);background-position: left bottom;background-repeat: no-repeat;padding-top:0px;padding-right:0px;padding-bottom:0px;padding-left:0px;margin-bottom: 80px;margin-top: 80px;border-top-width:0px;border-bottom-width:0px;border-color:#eae9e9;border-top-style:solid;border-bottom-style:solid;'><div class=\"fusion-builder-row fusion-row \"><div  class=\"fusion-layout-column fusion_builder_column fusion_builder_column_1_6 fusion-builder-column-1 fusion-one-sixth fusion-column-first 1_6\"  style='margin-top:0px;margin-bottom:0px;width:16.66%;width:calc(16.66% - ( ( 20px + 20px ) * 0.1666 ) );margin-right: 20px;'>\n\t\t\t\t\t<div class=\"fusion-column-wrapper\" style=\"padding: 0px 0px 0px 0px;background-position:right bottom;background-repeat:no-repeat;-webkit-background-size:cover;-moz-background-size:cover;-o-background-size:cover;background-size:cover;\"   data-bg-url=\"\">\n\t\t\t\t\t\t<div class=\"fusion-clearfix\"><\/div>\n\n\t\t\t\t\t<\/div>\n\t\t\t\t<\/div><div  class=\"fusion-layout-column fusion_builder_column fusion_builder_column_2_3 fusion-builder-column-2 fusion-two-third 2_3\"  style='margin-top:0px;margin-bottom:0px;width:66.66%;width:calc(66.66% - ( ( 20px + 20px ) * 0.6666 ) );margin-right: 20px;'>\n\t\t\t\t\t<div class=\"fusion-column-wrapper\" style=\"padding: 0px 0px 0px 0px;background-position:right bottom;background-repeat:no-repeat;-webkit-background-size:cover;-moz-background-size:cover;-o-background-size:cover;background-size:cover;\"   data-bg-url=\"\">\n\t\t\t\t\t\t<div class=\"fusion-text\"><p style=\"letter-spacing: 4px; font-size: 13px; margin-bottom: 0px; text-align: center;\">OS LUGARES DA LIGURIA<\/p>\n<h1 style=\"text-align: center;\">O parque Cinque Terre<\/h1>\n<\/div><div class=\"fusion-text\"><h3 style=\"text-align: center;\">A flora e a fauna mediterr\u00e2nea encerradas em um o\u00e1sis espl\u00eandido constituem um patrim\u00f4nio natural inestim\u00e1vel e \u00fanico do mundo.<\/h3>\n<\/div><div class=\"fusion-sep-clear\"><\/div><div class=\"fusion-separator fusion-full-width-sep sep-none\" style=\"margin-left: auto;margin-right: auto;margin-top:30px;\"><\/div><div class=\"fusion-clearfix\"><\/div>\n\n\t\t\t\t\t<\/div>\n\t\t\t\t<\/div><div  class=\"fusion-layout-column fusion_builder_column fusion_builder_column_1_6 fusion-builder-column-3 fusion-one-sixth fusion-column-last 1_6\"  style='margin-top:0px;margin-bottom:0px;width:16.66%;width:calc(16.66% - ( ( 20px + 20px ) * 0.1666 ) );'>\n\t\t\t\t\t<div class=\"fusion-column-wrapper\" style=\"padding: 0px 0px 0px 0px;background-position:right bottom;background-repeat:no-repeat;-webkit-background-size:cover;-moz-background-size:cover;-o-background-size:cover;background-size:cover;\"   data-bg-url=\"\">\n\t\t\t\t\t\t<div class=\"fusion-clearfix\"><\/div>\n\n\t\t\t\t\t<\/div>\n\t\t\t\t<\/div><div  class=\"fusion-layout-column fusion_builder_column fusion_builder_column_1_1 fusion-builder-column-4 fusion-one-full fusion-column-first fusion-column-last 1_1\"  style='margin-top:0px;margin-bottom:0px;'>\n\t\t\t\t\t<div class=\"fusion-column-wrapper\" style=\"padding: 0px 0px 0px 0px;background-position:right bottom;background-repeat:no-repeat;-webkit-background-size:cover;-moz-background-size:cover;-o-background-size:cover;background-size:cover;\"   data-bg-url=\"\">\n\t\t\t\t\t\t<div class=\"fusion-text\"><p style=\"text-align: center;\">O Parque Nacional Cinque Terre nasceu oficialmente em 1999, dois anos depois de ser nomeado patrim\u00f4nio da UNESCO: al\u00e9m de representar uma riqueza natural mundialmente famosa e importante, tamb\u00e9m possui a fun\u00e7\u00e3o fundamental de proteger e recuperar o ambiente local e prevenir a instabilidade hidrogeol\u00f3gica.<\/p>\n<p style=\"text-align: center;\">O Parque Nacional Cinque Terre estende-se por mais de 4.300 hectares de terra coberta por vegeta\u00e7\u00e3o mediterr\u00e2nea, onde o homem ao longo dos mil\u00eanios esculpiu as colinas para criar 7.000 km de terra\u00e7os (aproximadamente o comprimento da Grande Muralha da China), a fim de obter terras ar\u00e1veis e abrir espa\u00e7o para vinhas e oliveiras, que ainda s\u00e3o a principal fonte de iguarias que o Cinque Terre tem a oferecer.<\/p>\n<\/div><div class=\"fusion-clearfix\"><\/div>\n\n\t\t\t\t\t<\/div>\n\t\t\t\t<\/div><\/div><\/div><div class=\"fusion-fullwidth fullwidth-box fusion-builder-row-2 nonhundred-percent-fullwidth non-hundred-percent-height-scrolling fusion-no-large-visibility\"  style='background-color: rgba(255,255,255,0);background-position: left bottom;background-repeat: no-repeat;padding-top:0px;padding-right:0px;padding-bottom:0px;padding-left:0px;margin-bottom: 40px;margin-top: 40px;border-top-width:0px;border-bottom-width:0px;border-color:#eae9e9;border-top-style:solid;border-bottom-style:solid;'><div class=\"fusion-builder-row fusion-row \"><div  class=\"fusion-layout-column fusion_builder_column fusion_builder_column_1_1 fusion-builder-column-5 fusion-one-full fusion-column-first fusion-column-last 1_1\"  style='margin-top:0px;margin-bottom:0px;'>\n\t\t\t\t\t<div class=\"fusion-column-wrapper\" style=\"padding: 0px 10% 0px 10%;background-position:right bottom;background-repeat:no-repeat;-webkit-background-size:cover;-moz-background-size:cover;-o-background-size:cover;background-size:cover;\"   data-bg-url=\"\">\n\t\t\t\t\t\t<div class=\"fusion-text\"><p style=\"letter-spacing: 4px; font-size: 13px; margin-bottom: 0px; text-align: center;\">OS LUGARES DA LIGURIA<\/p>\n<h1 style=\"text-align: center; font-size: 35px;\">O parque Cinque Terre<\/h1>\n<\/div><div class=\"fusion-text\"><h3 style=\"text-align: center;\">A flora e a fauna mediterr\u00e2nea encerradas em um o\u00e1sis espl\u00eandido constituem um patrim\u00f4nio natural inestim\u00e1vel e \u00fanico do mundo.<\/h3>\n<\/div><div class=\"fusion-sep-clear\"><\/div><div class=\"fusion-separator fusion-full-width-sep sep-none\" style=\"margin-left: auto;margin-right: auto;margin-top:30px;\"><\/div><div class=\"fusion-clearfix\"><\/div>\n\n\t\t\t\t\t<\/div>\n\t\t\t\t<\/div><div  class=\"fusion-layout-column fusion_builder_column fusion_builder_column_1_1 fusion-builder-column-6 fusion-one-full fusion-column-first fusion-column-last 1_1\"  style='margin-top:0px;margin-bottom:40px;'>\n\t\t\t\t\t<div class=\"fusion-column-wrapper\" style=\"padding: 0px 0px 0px 0px;background-position:right bottom;background-repeat:no-repeat;-webkit-background-size:cover;-moz-background-size:cover;-o-background-size:cover;background-size:cover;\"   data-bg-url=\"\">\n\t\t\t\t\t\t<div class=\"imageframe-liftup\"><span class=\"fusion-imageframe imageframe-none imageframe-1\"><a href=\"https:\/\/www.casadane.it\/wp-content\/uploads\/2020\/01\/parco-2.jpg\" class=\"fusion-lightbox\" data-rel=\"iLightbox[deluxe]\" data-title=\"parco-2\" title=\"parco-2\"><img loading=\"lazy\" decoding=\"async\" src=\"https:\/\/www.casadane.it\/wp-content\/uploads\/2020\/01\/parco-2.jpg\" width=\"718\" height=\"479\" alt=\"Parco Nazionale delle Cinque Terre\" class=\"img-responsive wp-image-4455\" srcset=\"https:\/\/www.casadane.it\/wp-content\/uploads\/2020\/01\/parco-2-200x133.jpg 200w, https:\/\/www.casadane.it\/wp-content\/uploads\/2020\/01\/parco-2-400x267.jpg 400w, https:\/\/www.casadane.it\/wp-content\/uploads\/2020\/01\/parco-2-600x400.jpg 600w, https:\/\/www.casadane.it\/wp-content\/uploads\/2020\/01\/parco-2.jpg 718w\" sizes=\"auto, (max-width: 800px) 100vw, 718px\" \/><\/a><\/span><\/div><div class=\"fusion-clearfix\"><\/div>\n\n\t\t\t\t\t<\/div>\n\t\t\t\t<\/div><div  class=\"fusion-layout-column fusion_builder_column fusion_builder_column_1_1 fusion-builder-column-7 fusion-one-full fusion-column-first fusion-column-last 1_1\"  style='margin-top:0px;margin-bottom:0px;'>\n\t\t\t\t\t<div class=\"fusion-column-wrapper\" style=\"padding: 0px 10% 0px 10%;background-position:right bottom;background-repeat:no-repeat;-webkit-background-size:cover;-moz-background-size:cover;-o-background-size:cover;background-size:cover;\"   data-bg-url=\"\">\n\t\t\t\t\t\t<div class=\"fusion-text\"><p style=\"text-align: center;\">O Parque Nacional Cinque Terre nasceu oficialmente em 1999, dois anos depois de ser nomeado patrim\u00f4nio da UNESCO: al\u00e9m de representar uma riqueza natural mundialmente famosa e importante, tamb\u00e9m possui a fun\u00e7\u00e3o fundamental de proteger e recuperar o ambiente local e prevenir a instabilidade hidrogeol\u00f3gica.<\/p>\n<p style=\"text-align: center;\">O Parque Nacional Cinque Terre estende-se por mais de 4.300 hectares de terra coberta por vegeta\u00e7\u00e3o mediterr\u00e2nea, onde o homem ao longo dos mil\u00eanios esculpiu as colinas para criar 7.000 km de terra\u00e7os (aproximadamente o comprimento da Grande Muralha da China), a fim de obter terras ar\u00e1veis e abrir espa\u00e7o para vinhas e oliveiras, que ainda s\u00e3o a principal fonte de iguarias que o Cinque Terre tem a oferecer.<\/p>\n<\/div><div class=\"fusion-clearfix\"><\/div>\n\n\t\t\t\t\t<\/div>\n\t\t\t\t<\/div><div  class=\"fusion-layout-column fusion_builder_column fusion_builder_column_1_1 fusion-builder-column-8 fusion-one-full fusion-column-first fusion-column-last 1_1\"  style='margin-top:20px;margin-bottom:0px;'>\n\t\t\t\t\t<div class=\"fusion-column-wrapper\" style=\"padding: 0px 0px 0px 0px;background-position:right bottom;background-repeat:no-repeat;-webkit-background-size:cover;-moz-background-size:cover;-o-background-size:cover;background-size:cover;\"   data-bg-url=\"\">\n\t\t\t\t\t\t<div class=\"imageframe-liftup\"><span class=\"fusion-imageframe imageframe-none imageframe-2\"><a href=\"https:\/\/www.casadane.it\/wp-content\/uploads\/2020\/01\/parco-4.jpg\" class=\"fusion-lightbox\" data-rel=\"iLightbox[deluxe]\" data-title=\"parco-4\" title=\"parco-4\"><img loading=\"lazy\" decoding=\"async\" src=\"https:\/\/www.casadane.it\/wp-content\/uploads\/2020\/01\/parco-4.jpg\" width=\"718\" height=\"479\" alt=\"Parco delle cinque terre view\" class=\"img-responsive wp-image-4461\" srcset=\"https:\/\/www.casadane.it\/wp-content\/uploads\/2020\/01\/parco-4-200x133.jpg 200w, https:\/\/www.casadane.it\/wp-content\/uploads\/2020\/01\/parco-4-400x267.jpg 400w, https:\/\/www.casadane.it\/wp-content\/uploads\/2020\/01\/parco-4-600x400.jpg 600w, https:\/\/www.casadane.it\/wp-content\/uploads\/2020\/01\/parco-4.jpg 718w\" sizes=\"auto, (max-width: 800px) 100vw, 718px\" \/><\/a><\/span><\/div><div class=\"fusion-clearfix\"><\/div>\n\n\t\t\t\t\t<\/div>\n\t\t\t\t<\/div><\/div><\/div><div class=\"fusion-fullwidth fullwidth-box fusion-builder-row-3 hundred-percent-fullwidth non-hundred-percent-height-scrolling fusion-no-small-visibility fusion-no-medium-visibility\"  style='background-color: rgba(255,255,255,0);background-position: left top;background-repeat: no-repeat;padding-top:0px;padding-right:0px;padding-bottom:0px;padding-left:0px;margin-bottom: 15px;margin-top: 30px;border-top-width:0px;border-bottom-width:0px;border-color:#eae9e9;border-top-style:solid;border-bottom-style:solid;'><div class=\"fusion-builder-row fusion-row \"><div  class=\"fusion-layout-column fusion_builder_column fusion_builder_column_1_3 fusion-builder-column-9 fusion-one-third fusion-column-first 1_3\"  style='margin-top:0px;margin-bottom:20px;width:33.33%;width:calc(33.33% - ( ( 25px + 25px ) * 0.3333 ) );margin-right: 25px;'>\n\t\t\t\t\t<div class=\"fusion-column-wrapper\" style=\"padding: 0px 0px 0px 0px;background-position:left top;background-repeat:no-repeat;-webkit-background-size:cover;-moz-background-size:cover;-o-background-size:cover;background-size:cover;\"   data-bg-url=\"\">\n\t\t\t\t\t\t<div class=\"imageframe-liftup\"><span class=\"fusion-imageframe imageframe-none imageframe-3\"><a href=\"https:\/\/www.casadane.it\/wp-content\/uploads\/2020\/01\/parco-2.jpg\" class=\"fusion-lightbox\" data-rel=\"iLightbox[deluxe]\" data-title=\"parco-2\" title=\"parco-2\"><img loading=\"lazy\" decoding=\"async\" src=\"https:\/\/www.casadane.it\/wp-content\/uploads\/2020\/01\/parco-2.jpg\" width=\"718\" height=\"479\" alt=\"Parco Nazionale delle Cinque Terre\" class=\"img-responsive wp-image-4455\" srcset=\"https:\/\/www.casadane.it\/wp-content\/uploads\/2020\/01\/parco-2-200x133.jpg 200w, https:\/\/www.casadane.it\/wp-content\/uploads\/2020\/01\/parco-2-400x267.jpg 400w, https:\/\/www.casadane.it\/wp-content\/uploads\/2020\/01\/parco-2-600x400.jpg 600w, https:\/\/www.casadane.it\/wp-content\/uploads\/2020\/01\/parco-2.jpg 718w\" sizes=\"auto, (max-width: 800px) 100vw, 400px\" \/><\/a><\/span><\/div><div class=\"fusion-clearfix\"><\/div>\n\n\t\t\t\t\t<\/div>\n\t\t\t\t<\/div><div  class=\"fusion-layout-column fusion_builder_column fusion_builder_column_1_3 fusion-builder-column-10 fusion-one-third 1_3\"  style='margin-top:0px;margin-bottom:20px;width:33.33%;width:calc(33.33% - ( ( 25px + 25px ) * 0.3333 ) );margin-right: 25px;'>\n\t\t\t\t\t<div class=\"fusion-column-wrapper\" style=\"padding: 0px 0px 0px 0px;background-position:left top;background-repeat:no-repeat;-webkit-background-size:cover;-moz-background-size:cover;-o-background-size:cover;background-size:cover;\"   data-bg-url=\"\">\n\t\t\t\t\t\t<div class=\"imageframe-liftup\"><span class=\"fusion-imageframe imageframe-none imageframe-4\"><a href=\"https:\/\/www.casadane.it\/wp-content\/uploads\/2020\/01\/parco-4.jpg\" class=\"fusion-lightbox\" data-rel=\"iLightbox[deluxe]\" data-title=\"parco-4\" title=\"parco-4\"><img loading=\"lazy\" decoding=\"async\" src=\"https:\/\/www.casadane.it\/wp-content\/uploads\/2020\/01\/parco-4.jpg\" width=\"718\" height=\"479\" alt=\"Parco delle cinque terre view\" class=\"img-responsive wp-image-4461\" srcset=\"https:\/\/www.casadane.it\/wp-content\/uploads\/2020\/01\/parco-4-200x133.jpg 200w, https:\/\/www.casadane.it\/wp-content\/uploads\/2020\/01\/parco-4-400x267.jpg 400w, https:\/\/www.casadane.it\/wp-content\/uploads\/2020\/01\/parco-4-600x400.jpg 600w, https:\/\/www.casadane.it\/wp-content\/uploads\/2020\/01\/parco-4.jpg 718w\" sizes=\"auto, (max-width: 800px) 100vw, 400px\" \/><\/a><\/span><\/div><div class=\"fusion-clearfix\"><\/div>\n\n\t\t\t\t\t<\/div>\n\t\t\t\t<\/div><div  class=\"fusion-layout-column fusion_builder_column fusion_builder_column_1_3 fusion-builder-column-11 fusion-one-third fusion-column-last 1_3\"  style='margin-top:0px;margin-bottom:20px;width:33.33%;width:calc(33.33% - ( ( 25px + 25px ) * 0.3333 ) );'>\n\t\t\t\t\t<div class=\"fusion-column-wrapper\" style=\"padding: 0px 0px 0px 0px;background-position:left top;background-repeat:no-repeat;-webkit-background-size:cover;-moz-background-size:cover;-o-background-size:cover;background-size:cover;\"   data-bg-url=\"\">\n\t\t\t\t\t\t<div class=\"imageframe-liftup\"><span class=\"fusion-imageframe imageframe-none imageframe-5\"><a href=\"https:\/\/www.casadane.it\/wp-content\/uploads\/2020\/01\/parco-1.jpg\" class=\"fusion-lightbox\" data-rel=\"iLightbox[deluxe]\" data-title=\"parco-1\" title=\"parco-1\"><img loading=\"lazy\" decoding=\"async\" src=\"https:\/\/www.casadane.it\/wp-content\/uploads\/2020\/01\/parco-1.jpg\" width=\"718\" height=\"479\" alt=\"Tramonto nelle Cinque Terre\" class=\"img-responsive wp-image-4467\" srcset=\"https:\/\/www.casadane.it\/wp-content\/uploads\/2020\/01\/parco-1-200x133.jpg 200w, https:\/\/www.casadane.it\/wp-content\/uploads\/2020\/01\/parco-1-400x267.jpg 400w, https:\/\/www.casadane.it\/wp-content\/uploads\/2020\/01\/parco-1-600x400.jpg 600w, https:\/\/www.casadane.it\/wp-content\/uploads\/2020\/01\/parco-1.jpg 718w\" sizes=\"auto, (max-width: 800px) 100vw, 400px\" \/><\/a><\/span><\/div><div class=\"fusion-clearfix\"><\/div>\n\n\t\t\t\t\t<\/div>\n\t\t\t\t<\/div><\/div><\/div><div class=\"fusion-fullwidth fullwidth-box fusion-builder-row-4 fusion-parallax-none hundred-percent-fullwidth non-hundred-percent-height-scrolling fusion-equal-height-columns fusion-no-small-visibility fusion-no-medium-visibility\"  style='background-color: rgba(255,255,255,0);background-image: url(\"https:\/\/www.casadane.it\/wp-content\/uploads\/2020\/01\/parco-sfondo.jpg\");background-position: center bottom;background-repeat: no-repeat;padding-top:0px;padding-right:0px;padding-bottom:0px;padding-left:0px;margin-top: 80px;border-top-width:0px;border-bottom-width:0px;border-color:#eae9e9;border-top-style:solid;border-bottom-style:solid;-webkit-background-size:cover;-moz-background-size:cover;-o-background-size:cover;background-size:cover;'><div class=\"fusion-builder-row fusion-row \"><div  class=\"fusion-layout-column fusion_builder_column fusion_builder_column_1_6 fusion-builder-column-12 fusion-one-sixth fusion-column-first 1_6\"  style='margin-top:0px;margin-bottom:0px;width:16.66%;width:calc(16.66% - ( ( 20px + 4% ) * 0.1666 ) );margin-right: 20px;'>\n\t\t\t\t\t<div class=\"fusion-column-wrapper\" style=\"padding: 0px 0px 0px 0px;background-position:right bottom;background-repeat:no-repeat;-webkit-background-size:cover;-moz-background-size:cover;-o-background-size:cover;background-size:cover;\"   data-bg-url=\"\">\n\t\t\t\t\t\t<div class=\"fusion-clearfix\"><\/div>\n\n\t\t\t\t\t<\/div>\n\t\t\t\t<\/div><div  class=\"fusion-layout-column fusion_builder_column fusion_builder_column_2_3 fusion-builder-column-13 fusion-two-third 2_3\"  style='margin-top:0px;margin-bottom:0px;width:66.66%;width:calc(66.66% - ( ( 20px + 4% ) * 0.6666 ) );margin-right: 4%;'>\n\t\t\t\t\t<div class=\"fusion-column-wrapper\" style=\"padding: 0px 0px 0px 0px;background-position:right bottom;background-repeat:no-repeat;-webkit-background-size:cover;-moz-background-size:cover;-o-background-size:cover;background-size:cover;\"   data-bg-url=\"\">\n\t\t\t\t\t\t<div class=\"fusion-text fusion-text-split-columns fusion-text-columns-2\" style=\" -webkit-column-count:2; -webkit-column-gap:60px; -webkit-column-width:100px; -moz-column-count:2; -moz-column-gap:60px; -moz-column-width:100px; column-count:2; column-gap:60px; column-width:100px;\"><p>As costas de Cinque Terre, bem como os verdadeiros monumentos \u00e0 adapta\u00e7\u00e3o humana ao meio ambiente e um tesouro natural e paisag\u00edstico incompar\u00e1vel, tamb\u00e9m cont\u00eam a maior densidade de \u00e1reas protegidas e parques naturais da It\u00e1lia: s\u00e3o de fato tr\u00eas parques dedicados \u00e0 preserva\u00e7\u00e3o e prote\u00e7\u00e3o do o\u00e1sis natural de Cinque Terre.<\/p>\n<p>A \u00e1rea do parque tamb\u00e9m inclui a \u00c1rea Marinha Protegida de Cinque Terre: onde na terra domina a flora dos maquis mediterr\u00e2neos, as colinas esculpidas pelos terra\u00e7os e os penhascos \u00edngremes com vista para o mar, dentro deste \u00faltimo \u00e9 poss\u00edvel encontre uma imensa variedade de animais e plantas: as rochas e o fundo est\u00e3o cheios de uma enorme variedade de peixes e moluscos, al\u00e9m de extens\u00f5es reais de posidonia oce\u00e2nica.<\/p>\n<p>Al\u00e9m disso, o mar de Cinque Terre foi inclu\u00eddo no Santu\u00e1rio Internacional de Cet\u00e1ceos e cerca de 2.000 baleias foram registradas em suas \u00e1guas: isso prova ainda mais a presen\u00e7a de um ecossistema extremamente livre e variado de fauna marinha, no qual tamb\u00e9m \u00e9 poss\u00edvel encontrar golfinhos e cachalotes.<\/p>\n<\/div><div class=\"fusion-sep-clear\"><\/div><div class=\"fusion-separator fusion-full-width-sep sep-none\" style=\"margin-left: auto;margin-right: auto;margin-top:550px;\"><\/div><div class=\"fusion-clearfix\"><\/div>\n\n\t\t\t\t\t<\/div>\n\t\t\t\t<\/div><div  class=\"fusion-layout-column fusion_builder_column fusion_builder_column_1_6 fusion-builder-column-14 fusion-one-sixth fusion-column-last 1_6\"  style='margin-top:0px;margin-bottom:0px;width:16.66%;width:calc(16.66% - ( ( 20px + 4% ) * 0.1666 ) );'>\n\t\t\t\t\t<div class=\"fusion-column-wrapper\" style=\"padding: 0px 0px 0px 0px;background-position:right bottom;background-repeat:no-repeat;-webkit-background-size:cover;-moz-background-size:cover;-o-background-size:cover;background-size:cover;\"   data-bg-url=\"\">\n\t\t\t\t\t\t<div class=\"fusion-clearfix\"><\/div>\n\n\t\t\t\t\t<\/div>\n\t\t\t\t<\/div><\/div><\/div><div class=\"fusion-fullwidth fullwidth-box fusion-builder-row-5 hundred-percent-fullwidth non-hundred-percent-height-scrolling fusion-equal-height-columns fusion-no-large-visibility\"  style='background-color: rgba(255,255,255,0);background-position: center bottom;background-repeat: no-repeat;padding-top:0px;padding-right:0px;padding-bottom:0px;padding-left:0px;margin-bottom: 30px;margin-top: 80px;border-top-width:0px;border-bottom-width:0px;border-color:#eae9e9;border-top-style:solid;border-bottom-style:solid;'><div class=\"fusion-builder-row fusion-row \"><div  class=\"fusion-layout-column fusion_builder_column fusion_builder_column_1_1 fusion-builder-column-15 fusion-one-full fusion-column-first fusion-column-last 1_1\"  style='margin-top:0px;margin-bottom:0px;'>\n\t\t\t\t\t<div class=\"fusion-column-wrapper\" style=\"padding: 0px 10% 0px 10%;background-position:right bottom;background-repeat:no-repeat;-webkit-background-size:cover;-moz-background-size:cover;-o-background-size:cover;background-size:cover;\"   data-bg-url=\"\">\n\t\t\t\t\t\t<div class=\"fusion-text\"><p style=\"text-align: center;\">As costas de Cinque Terre, bem como os verdadeiros monumentos \u00e0 adapta\u00e7\u00e3o humana ao meio ambiente e um tesouro natural e paisag\u00edstico incompar\u00e1vel, tamb\u00e9m cont\u00eam a maior densidade de \u00e1reas protegidas e parques naturais da It\u00e1lia: s\u00e3o de fato tr\u00eas parques dedicados \u00e0 preserva\u00e7\u00e3o e prote\u00e7\u00e3o do o\u00e1sis natural de Cinque Terre.<\/p>\n<\/div><div class=\"fusion-clearfix\"><\/div>\n\n\t\t\t\t\t<\/div>\n\t\t\t\t<\/div><div  class=\"fusion-layout-column fusion_builder_column fusion_builder_column_1_1 fusion-builder-column-16 fusion-one-full fusion-column-first fusion-column-last 1_1\"  style='margin-top:20px;margin-bottom:40px;'>\n\t\t\t\t\t<div class=\"fusion-column-wrapper\" style=\"padding: 0px 0px 0px 0px;background-position:right bottom;background-repeat:no-repeat;-webkit-background-size:cover;-moz-background-size:cover;-o-background-size:cover;background-size:cover;\"   data-bg-url=\"\">\n\t\t\t\t\t\t<div class=\"imageframe-liftup\"><span class=\"fusion-imageframe imageframe-none imageframe-6\"><a href=\"https:\/\/www.casadane.it\/wp-content\/uploads\/2020\/01\/parco-1.jpg\" class=\"fusion-lightbox\" data-rel=\"iLightbox[deluxe]\" data-title=\"parco-1\" title=\"parco-1\"><img loading=\"lazy\" decoding=\"async\" src=\"https:\/\/www.casadane.it\/wp-content\/uploads\/2020\/01\/parco-1.jpg\" width=\"718\" height=\"479\" alt=\"Tramonto nelle Cinque Terre\" class=\"img-responsive wp-image-4467\" srcset=\"https:\/\/www.casadane.it\/wp-content\/uploads\/2020\/01\/parco-1-200x133.jpg 200w, https:\/\/www.casadane.it\/wp-content\/uploads\/2020\/01\/parco-1-400x267.jpg 400w, https:\/\/www.casadane.it\/wp-content\/uploads\/2020\/01\/parco-1-600x400.jpg 600w, https:\/\/www.casadane.it\/wp-content\/uploads\/2020\/01\/parco-1.jpg 718w\" sizes=\"auto, (max-width: 800px) 100vw, 718px\" \/><\/a><\/span><\/div><div class=\"fusion-clearfix\"><\/div>\n\n\t\t\t\t\t<\/div>\n\t\t\t\t<\/div><div  class=\"fusion-layout-column fusion_builder_column fusion_builder_column_1_1 fusion-builder-column-17 fusion-one-full fusion-column-first fusion-column-last 1_1\"  style='margin-top:0px;margin-bottom:0px;'>\n\t\t\t\t\t<div class=\"fusion-column-wrapper\" style=\"padding: 0px 10% 0px 10%;background-position:right bottom;background-repeat:no-repeat;-webkit-background-size:cover;-moz-background-size:cover;-o-background-size:cover;background-size:cover;\"   data-bg-url=\"\">\n\t\t\t\t\t\t<div class=\"fusion-text\"><p style=\"text-align: center;\">A \u00e1rea do parque tamb\u00e9m inclui a \u00c1rea Marinha Protegida de Cinque Terre: onde na terra domina a flora dos maquis mediterr\u00e2neos, as colinas esculpidas pelos terra\u00e7os e os penhascos \u00edngremes com vista para o mar, dentro deste \u00faltimo \u00e9 poss\u00edvel encontre uma imensa variedade de animais e plantas: as rochas e o fundo est\u00e3o cheios de uma enorme variedade de peixes e moluscos, al\u00e9m de extens\u00f5es reais de posidonia oce\u00e2nica.<\/p>\n<p style=\"text-align: center;\">Al\u00e9m disso, o mar de Cinque Terre foi inclu\u00eddo no Santu\u00e1rio Internacional de Cet\u00e1ceos e cerca de 2.000 baleias foram registradas em suas \u00e1guas: isso comprova ainda a presen\u00e7a de um ecossistema extremamente livre e variado de fauna marinha, no qual tamb\u00e9m \u00e9 poss\u00edvel encontrar golfinhos e cachalotes.<\/p>\n<\/div><div class=\"fusion-clearfix\"><\/div>\n\n\t\t\t\t\t<\/div>\n\t\t\t\t<\/div><\/div><\/div><\/p>\n","protected":false},"excerpt":{"rendered":"","protected":false},"author":1,"featured_media":0,"parent":0,"menu_order":0,"comment_status":"open","ping_status":"open","template":"100-width.php","meta":{"_joinchat":[],"footnotes":""},"class_list":["post-4637","page","type-page","status-publish","hentry"],"yoast_head":"<!-- This site is optimized with the Yoast SEO plugin v27.4 - https:\/\/yoast.com\/product\/yoast-seo-wordpress\/ -->\n<title>Visite o Parque Natural Cinque Terre | Casa Dan\u00e8<\/title>\n<meta name=\"description\" content=\"Oficialmente estabelecido em 1999, o Parque Natural Cinque Terre representa um patrim\u00f4nio natural inestim\u00e1vel. Clique para saber mais!\" \/>\n<meta name=\"robots\" content=\"index, follow, max-snippet:-1, max-image-preview:large, max-video-preview:-1\" \/>\n<link rel=\"canonical\" href=\"https:\/\/www.casadane.it\/pt-br\/parque-cinque-terre\/\" \/>\n<meta property=\"og:locale\" content=\"pt_BR\" \/>\n<meta property=\"og:type\" content=\"article\" \/>\n<meta property=\"og:title\" content=\"Visite o Parque Natural Cinque Terre | Casa Dan\u00e8\" \/>\n<meta property=\"og:description\" content=\"Oficialmente estabelecido em 1999, o Parque Natural Cinque Terre representa um patrim\u00f4nio natural inestim\u00e1vel. Clique para saber mais!\" \/>\n<meta property=\"og:url\" content=\"https:\/\/www.casadane.it\/pt-br\/parque-cinque-terre\/\" \/>\n<meta property=\"og:site_name\" content=\"Affittacamere Casa Dan\u00e8\" \/>\n<meta property=\"article:modified_time\" content=\"2020-04-14T20:09:26+00:00\" \/>\n<meta name=\"twitter:card\" content=\"summary_large_image\" \/>\n<meta name=\"twitter:label1\" content=\"Est. tempo de leitura\" \/>\n\t<meta name=\"twitter:data1\" content=\"28 minutos\" \/>\n<script type=\"application\/ld+json\" class=\"yoast-schema-graph\">{\"@context\":\"https:\\\/\\\/schema.org\",\"@graph\":[{\"@type\":\"WebPage\",\"@id\":\"https:\\\/\\\/www.casadane.it\\\/pt-br\\\/parque-cinque-terre\\\/\",\"url\":\"https:\\\/\\\/www.casadane.it\\\/pt-br\\\/parque-cinque-terre\\\/\",\"name\":\"Visite o Parque Natural Cinque Terre | Casa Dan\u00e8\",\"isPartOf\":{\"@id\":\"https:\\\/\\\/www.casadane.it\\\/pt-br\\\/#website\"},\"datePublished\":\"2020-03-07T00:08:00+00:00\",\"dateModified\":\"2020-04-14T20:09:26+00:00\",\"description\":\"Oficialmente estabelecido em 1999, o Parque Natural Cinque Terre representa um patrim\u00f4nio natural inestim\u00e1vel. Clique para saber mais!\",\"breadcrumb\":{\"@id\":\"https:\\\/\\\/www.casadane.it\\\/pt-br\\\/parque-cinque-terre\\\/#breadcrumb\"},\"inLanguage\":\"pt-BR\",\"potentialAction\":[{\"@type\":\"ReadAction\",\"target\":[\"https:\\\/\\\/www.casadane.it\\\/pt-br\\\/parque-cinque-terre\\\/\"]}]},{\"@type\":\"BreadcrumbList\",\"@id\":\"https:\\\/\\\/www.casadane.it\\\/pt-br\\\/parque-cinque-terre\\\/#breadcrumb\",\"itemListElement\":[{\"@type\":\"ListItem\",\"position\":1,\"name\":\"Home\",\"item\":\"https:\\\/\\\/www.casadane.it\\\/pt-br\\\/\"},{\"@type\":\"ListItem\",\"position\":2,\"name\":\"Parque Cinque Terre\"}]},{\"@type\":\"WebSite\",\"@id\":\"https:\\\/\\\/www.casadane.it\\\/pt-br\\\/#website\",\"url\":\"https:\\\/\\\/www.casadane.it\\\/pt-br\\\/\",\"name\":\"Casa Dan\u00e8\",\"description\":\"Affittacamere a La Spezia\",\"potentialAction\":[{\"@type\":\"SearchAction\",\"target\":{\"@type\":\"EntryPoint\",\"urlTemplate\":\"https:\\\/\\\/www.casadane.it\\\/pt-br\\\/?s={search_term_string}\"},\"query-input\":{\"@type\":\"PropertyValueSpecification\",\"valueRequired\":true,\"valueName\":\"search_term_string\"}}],\"inLanguage\":\"pt-BR\"}]}<\/script>\n<!-- \/ Yoast SEO plugin. -->","yoast_head_json":{"title":"Visite o Parque Natural Cinque Terre | Casa Dan\u00e8","description":"Oficialmente estabelecido em 1999, o Parque Natural Cinque Terre representa um patrim\u00f4nio natural inestim\u00e1vel. Clique para saber mais!","robots":{"index":"index","follow":"follow","max-snippet":"max-snippet:-1","max-image-preview":"max-image-preview:large","max-video-preview":"max-video-preview:-1"},"canonical":"https:\/\/www.casadane.it\/pt-br\/parque-cinque-terre\/","og_locale":"pt_BR","og_type":"article","og_title":"Visite o Parque Natural Cinque Terre | Casa Dan\u00e8","og_description":"Oficialmente estabelecido em 1999, o Parque Natural Cinque Terre representa um patrim\u00f4nio natural inestim\u00e1vel. Clique para saber mais!","og_url":"https:\/\/www.casadane.it\/pt-br\/parque-cinque-terre\/","og_site_name":"Affittacamere Casa Dan\u00e8","article_modified_time":"2020-04-14T20:09:26+00:00","twitter_card":"summary_large_image","twitter_misc":{"Est. tempo de leitura":"28 minutos"},"schema":{"@context":"https:\/\/schema.org","@graph":[{"@type":"WebPage","@id":"https:\/\/www.casadane.it\/pt-br\/parque-cinque-terre\/","url":"https:\/\/www.casadane.it\/pt-br\/parque-cinque-terre\/","name":"Visite o Parque Natural Cinque Terre | Casa Dan\u00e8","isPartOf":{"@id":"https:\/\/www.casadane.it\/pt-br\/#website"},"datePublished":"2020-03-07T00:08:00+00:00","dateModified":"2020-04-14T20:09:26+00:00","description":"Oficialmente estabelecido em 1999, o Parque Natural Cinque Terre representa um patrim\u00f4nio natural inestim\u00e1vel. Clique para saber mais!","breadcrumb":{"@id":"https:\/\/www.casadane.it\/pt-br\/parque-cinque-terre\/#breadcrumb"},"inLanguage":"pt-BR","potentialAction":[{"@type":"ReadAction","target":["https:\/\/www.casadane.it\/pt-br\/parque-cinque-terre\/"]}]},{"@type":"BreadcrumbList","@id":"https:\/\/www.casadane.it\/pt-br\/parque-cinque-terre\/#breadcrumb","itemListElement":[{"@type":"ListItem","position":1,"name":"Home","item":"https:\/\/www.casadane.it\/pt-br\/"},{"@type":"ListItem","position":2,"name":"Parque Cinque Terre"}]},{"@type":"WebSite","@id":"https:\/\/www.casadane.it\/pt-br\/#website","url":"https:\/\/www.casadane.it\/pt-br\/","name":"Casa Dan\u00e8","description":"Affittacamere a La Spezia","potentialAction":[{"@type":"SearchAction","target":{"@type":"EntryPoint","urlTemplate":"https:\/\/www.casadane.it\/pt-br\/?s={search_term_string}"},"query-input":{"@type":"PropertyValueSpecification","valueRequired":true,"valueName":"search_term_string"}}],"inLanguage":"pt-BR"}]}},"_links":{"self":[{"href":"https:\/\/www.casadane.it\/pt-br\/wp-json\/wp\/v2\/pages\/4637","targetHints":{"allow":["GET"]}}],"collection":[{"href":"https:\/\/www.casadane.it\/pt-br\/wp-json\/wp\/v2\/pages"}],"about":[{"href":"https:\/\/www.casadane.it\/pt-br\/wp-json\/wp\/v2\/types\/page"}],"author":[{"embeddable":true,"href":"https:\/\/www.casadane.it\/pt-br\/wp-json\/wp\/v2\/users\/1"}],"replies":[{"embeddable":true,"href":"https:\/\/www.casadane.it\/pt-br\/wp-json\/wp\/v2\/comments?post=4637"}],"version-history":[{"count":3,"href":"https:\/\/www.casadane.it\/pt-br\/wp-json\/wp\/v2\/pages\/4637\/revisions"}],"predecessor-version":[{"id":6944,"href":"https:\/\/www.casadane.it\/pt-br\/wp-json\/wp\/v2\/pages\/4637\/revisions\/6944"}],"wp:attachment":[{"href":"https:\/\/www.casadane.it\/pt-br\/wp-json\/wp\/v2\/media?parent=4637"}],"curies":[{"name":"wp","href":"https:\/\/api.w.org\/{rel}","templated":true}]}}